{"id":5386,"date":"2026-04-28T08:19:07","date_gmt":"2026-04-28T06:19:07","guid":{"rendered":"https:\/\/www.elernia.cetem.es\/elernia\/?post_type=norebro_portfolio&#038;p=5386"},"modified":"2026-04-28T08:19:07","modified_gmt":"2026-04-28T06:19:07","slug":"economia-circular-en-el-sector-del-habitat","status":"publish","type":"norebro_portfolio","link":"https:\/\/www.elernia.cetem.es\/elernia\/cursos\/economia-circular-en-el-sector-del-habitat\/","title":{"rendered":"ECONOM\u00cdA CIRCULAR EN EL SECTOR DEL H\u00c1BITAT"},"content":{"rendered":"<p><strong>M\u00f3dulo 1: Fundamentos de econom\u00eda circular (3 horas)<\/strong><\/p>\n<ul>\n<li>Concepto y evoluci\u00f3n de la econom\u00eda circular<\/li>\n<li>Modelo lineal vs modelo circular<\/li>\n<li>Principios clave (reducir, reutilizar, reciclar, redise\u00f1ar)<\/li>\n<li>Pol\u00edticas y estrategias europeas<\/li>\n<li>Relevancia en el sector del h\u00e1bitat<\/li>\n<\/ul>\n<p><strong>M\u00f3dulo 2: Impacto ambiental del sector del mueble (2 horas)<\/strong><\/p>\n<ul>\n<li>Cadena de valor del mueble<\/li>\n<li>Materias primas (madera, derivados, textiles, metales)<\/li>\n<li>Consumo energ\u00e9tico y emisiones<\/li>\n<li>Huella ambiental<\/li>\n<\/ul>\n<p><strong>M\u00f3dulo 3: Gesti\u00f3n de residuos y fin de vida (2 horas)<\/strong><\/p>\n<ul>\n<li>Tipolog\u00eda de residuos<\/li>\n<li>Reciclaje y valorizaci\u00f3n<\/li>\n<li>Normativa aplicable<\/li>\n<li>Log\u00edstica inversa<\/li>\n<\/ul>\n<p><strong>M\u00f3dulo 4: Ecodise\u00f1o aplicado al mueble (4 horas)<\/strong><\/p>\n<ul>\n<li>Principios de ecodise\u00f1o<\/li>\n<li>Dise\u00f1o para durabilidad<\/li>\n<li>Dise\u00f1o para desmontaje y reciclaje<\/li>\n<li>Selecci\u00f3n de materiales sostenibles<\/li>\n<li>Herramientas de ecodise\u00f1o<\/li>\n<\/ul>\n<p><strong>M\u00f3dulo 5: An\u00e1lisis del Ciclo de Vida del Producto (ACV) aplicado al mueble (4 horas)<\/strong><\/p>\n<ul>\n<li>Concepto y fundamentos del An\u00e1lisis del Ciclo de Vida (ACV)<\/li>\n<li>Normas de referencia (ISO 14040 y 14044)<\/li>\n<li>Fases del ACV:\n<ul>\n<li>Definici\u00f3n de objetivos y alcance<\/li>\n<li>An\u00e1lisis de inventario (entradas y salidas)<\/li>\n<li>Evaluaci\u00f3n de impactos ambientales<\/li>\n<li>Interpretaci\u00f3n de resultados<\/li>\n<\/ul>\n<\/li>\n<li>Ciclo de vida del mueble:\n<ul>\n<li>Extracci\u00f3n de materias primas<\/li>\n<li>Fabricaci\u00f3n<\/li>\n<li>Distribuci\u00f3n<\/li>\n<li>Uso<\/li>\n<li>Fin de vida<\/li>\n<\/ul>\n<\/li>\n<li>Indicadores ambientales (huella de carbono, consumo de recursos, etc.)<\/li>\n<li>Aplicaci\u00f3n del ACV al ecodise\u00f1o<\/li>\n<\/ul>\n<p><strong>M\u00f3dulo 6: Modelos de negocio circulares (3 horas)<\/strong><\/p>\n<ul>\n<li>Reutilizaci\u00f3n, reparaci\u00f3n y re-manufactura<\/li>\n<li>Producto como servicio<\/li>\n<li>Segunda vida del producto<\/li>\n<li>Innovaci\u00f3n empresarial<\/li>\n<\/ul>\n<p><strong>M\u00f3dulo 7: Aplicaci\u00f3n pr\u00e1ctica en empresa (2 horas)<\/strong><\/p>\n<ul>\n<li>Casos pr\u00e1cticos reales<\/li>\n<li>Buenas pr\u00e1cticas<\/li>\n<li>Identificaci\u00f3n de oportunidades en la empresa<\/li>\n<li>Propuesta de reducci\u00f3n de residuos<\/li>\n<\/ul>\n<p><strong>\u00a0<\/strong><\/p>\n<p>&nbsp;<\/p>\n<p>&nbsp;<\/p>\n<p>&nbsp;<\/p>\n","protected":false},"featured_media":5387,"comment_status":"closed","ping_status":"closed","template":"","yoast_head":"<!-- This site is optimized with the Yoast SEO plugin v19.13 - https:\/\/yoast.com\/wordpress\/plugins\/seo\/ -->\n<title>ECONOM\u00cdA CIRCULAR EN EL SECTOR DEL H\u00c1BITAT - Elernia<\/title>\n<meta name=\"robots\" content=\"index, follow, max-snippet:-1, max-image-preview:large, max-video-preview:-1\" \/>\n<link rel=\"canonical\" href=\"https:\/\/www.elernia.cetem.es\/elernia\/cursos\/economia-circular-en-el-sector-del-habitat\/\" \/>\n<meta property=\"og:locale\" content=\"es_ES\" \/>\n<meta property=\"og:type\" content=\"article\" \/>\n<meta property=\"og:title\" content=\"ECONOM\u00cdA CIRCULAR EN EL SECTOR DEL H\u00c1BITAT - Elernia\" \/>\n<meta property=\"og:description\" content=\"M\u00f3dulo 1: Fundamentos de econom\u00eda circular (3 horas) Concepto y evoluci\u00f3n de la econom\u00eda...\" \/>\n<meta property=\"og:url\" content=\"https:\/\/www.elernia.cetem.es\/elernia\/cursos\/economia-circular-en-el-sector-del-habitat\/\" \/>\n<meta property=\"og:site_name\" content=\"Elernia\" \/>\n<meta property=\"og:image\" content=\"https:\/\/www.elernia.cetem.es\/elernia\/wp-content\/uploads\/2026\/04\/Economia-circular-en-el-sector-del-Habitat.png\" \/>\n\t<meta property=\"og:image:width\" content=\"1310\" \/>\n\t<meta property=\"og:image:height\" content=\"1422\" \/>\n\t<meta property=\"og:image:type\" content=\"image\/png\" \/>\n<meta name=\"twitter:card\" content=\"summary_large_image\" \/>\n<meta name=\"twitter:label1\" content=\"Tiempo de lectura\" \/>\n\t<meta name=\"twitter:data1\" content=\"2 minutos\" \/>\n<script type=\"application\/ld+json\" class=\"yoast-schema-graph\">{\"@context\":\"https:\/\/schema.org\",\"@graph\":[{\"@type\":\"WebPage\",\"@id\":\"https:\/\/www.elernia.cetem.es\/elernia\/cursos\/economia-circular-en-el-sector-del-habitat\/\",\"url\":\"https:\/\/www.elernia.cetem.es\/elernia\/cursos\/economia-circular-en-el-sector-del-habitat\/\",\"name\":\"ECONOM\u00cdA CIRCULAR EN EL SECTOR DEL H\u00c1BITAT - Elernia\",\"isPartOf\":{\"@id\":\"https:\/\/www.elernia.cetem.es\/elernia\/#website\"},\"datePublished\":\"2026-04-28T06:19:07+00:00\",\"dateModified\":\"2026-04-28T06:19:07+00:00\",\"breadcrumb\":{\"@id\":\"https:\/\/www.elernia.cetem.es\/elernia\/cursos\/economia-circular-en-el-sector-del-habitat\/#breadcrumb\"},\"inLanguage\":\"es\",\"potentialAction\":[{\"@type\":\"ReadAction\",\"target\":[\"https:\/\/www.elernia.cetem.es\/elernia\/cursos\/economia-circular-en-el-sector-del-habitat\/\"]}]},{\"@type\":\"BreadcrumbList\",\"@id\":\"https:\/\/www.elernia.cetem.es\/elernia\/cursos\/economia-circular-en-el-sector-del-habitat\/#breadcrumb\",\"itemListElement\":[{\"@type\":\"ListItem\",\"position\":1,\"name\":\"Portada\",\"item\":\"https:\/\/www.elernia.cetem.es\/elernia\/\"},{\"@type\":\"ListItem\",\"position\":2,\"name\":\"ECONOM\u00cdA CIRCULAR EN EL SECTOR DEL H\u00c1BITAT\"}]},{\"@type\":\"WebSite\",\"@id\":\"https:\/\/www.elernia.cetem.es\/elernia\/#website\",\"url\":\"https:\/\/www.elernia.cetem.es\/elernia\/\",\"name\":\"Elernia\",\"description\":\"Portal de formaci\u00f3n de CETEM\",\"potentialAction\":[{\"@type\":\"SearchAction\",\"target\":{\"@type\":\"EntryPoint\",\"urlTemplate\":\"https:\/\/www.elernia.cetem.es\/elernia\/?s={search_term_string}\"},\"query-input\":\"required name=search_term_string\"}],\"inLanguage\":\"es\"}]}<\/script>\n<!-- \/ Yoast SEO plugin. -->","yoast_head_json":{"title":"ECONOM\u00cdA CIRCULAR EN EL SECTOR DEL H\u00c1BITAT - Elernia","robots":{"index":"index","follow":"follow","max-snippet":"max-snippet:-1","max-image-preview":"max-image-preview:large","max-video-preview":"max-video-preview:-1"},"canonical":"https:\/\/www.elernia.cetem.es\/elernia\/cursos\/economia-circular-en-el-sector-del-habitat\/","og_locale":"es_ES","og_type":"article","og_title":"ECONOM\u00cdA CIRCULAR EN EL SECTOR DEL H\u00c1BITAT - Elernia","og_description":"M\u00f3dulo 1: Fundamentos de econom\u00eda circular (3 horas) Concepto y evoluci\u00f3n de la econom\u00eda...","og_url":"https:\/\/www.elernia.cetem.es\/elernia\/cursos\/economia-circular-en-el-sector-del-habitat\/","og_site_name":"Elernia","og_image":[{"width":1310,"height":1422,"url":"https:\/\/www.elernia.cetem.es\/elernia\/wp-content\/uploads\/2026\/04\/Economia-circular-en-el-sector-del-Habitat.png","type":"image\/png"}],"twitter_card":"summary_large_image","twitter_misc":{"Tiempo de lectura":"2 minutos"},"schema":{"@context":"https:\/\/schema.org","@graph":[{"@type":"WebPage","@id":"https:\/\/www.elernia.cetem.es\/elernia\/cursos\/economia-circular-en-el-sector-del-habitat\/","url":"https:\/\/www.elernia.cetem.es\/elernia\/cursos\/economia-circular-en-el-sector-del-habitat\/","name":"ECONOM\u00cdA CIRCULAR EN EL SECTOR DEL H\u00c1BITAT - Elernia","isPartOf":{"@id":"https:\/\/www.elernia.cetem.es\/elernia\/#website"},"datePublished":"2026-04-28T06:19:07+00:00","dateModified":"2026-04-28T06:19:07+00:00","breadcrumb":{"@id":"https:\/\/www.elernia.cetem.es\/elernia\/cursos\/economia-circular-en-el-sector-del-habitat\/#breadcrumb"},"inLanguage":"es","potentialAction":[{"@type":"ReadAction","target":["https:\/\/www.elernia.cetem.es\/elernia\/cursos\/economia-circular-en-el-sector-del-habitat\/"]}]},{"@type":"BreadcrumbList","@id":"https:\/\/www.elernia.cetem.es\/elernia\/cursos\/economia-circular-en-el-sector-del-habitat\/#breadcrumb","itemListElement":[{"@type":"ListItem","position":1,"name":"Portada","item":"https:\/\/www.elernia.cetem.es\/elernia\/"},{"@type":"ListItem","position":2,"name":"ECONOM\u00cdA CIRCULAR EN EL SECTOR DEL H\u00c1BITAT"}]},{"@type":"WebSite","@id":"https:\/\/www.elernia.cetem.es\/elernia\/#website","url":"https:\/\/www.elernia.cetem.es\/elernia\/","name":"Elernia","description":"Portal de formaci\u00f3n de CETEM","potentialAction":[{"@type":"SearchAction","target":{"@type":"EntryPoint","urlTemplate":"https:\/\/www.elernia.cetem.es\/elernia\/?s={search_term_string}"},"query-input":"required name=search_term_string"}],"inLanguage":"es"}]}},"_links":{"self":[{"href":"https:\/\/www.elernia.cetem.es\/elernia\/wp-json\/wp\/v2\/norebro_portfolio\/5386"}],"collection":[{"href":"https:\/\/www.elernia.cetem.es\/elernia\/wp-json\/wp\/v2\/norebro_portfolio"}],"about":[{"href":"https:\/\/www.elernia.cetem.es\/elernia\/wp-json\/wp\/v2\/types\/norebro_portfolio"}],"replies":[{"embeddable":true,"href":"https:\/\/www.elernia.cetem.es\/elernia\/wp-json\/wp\/v2\/comments?post=5386"}],"wp:featuredmedia":[{"embeddable":true,"href":"https:\/\/www.elernia.cetem.es\/elernia\/wp-json\/wp\/v2\/media\/5387"}],"wp:attachment":[{"href":"https:\/\/www.elernia.cetem.es\/elernia\/wp-json\/wp\/v2\/media?parent=5386"}],"curies":[{"name":"wp","href":"https:\/\/api.w.org\/{rel}","templated":true}]}}